{"id":1016,"date":"2019-11-04T21:24:32","date_gmt":"2019-11-04T20:24:32","guid":{"rendered":"https:\/\/www.gleichcom.ch\/prestations\/"},"modified":"2023-05-03T23:57:35","modified_gmt":"2023-05-03T21:57:35","slug":"prestations","status":"publish","type":"page","link":"https:\/\/www.gleichcom.ch\/fr\/prestations\/","title":{"rendered":"Prestations"},"content":{"rendered":"<section class=\"wpb-content-wrapper\"><p>[vc_row padding_top_multiplier=\u00a0\u00bb\u00a0\u00bb padding_bottom_multiplier=\u00a0\u00bb5x\u00a0\u00bb columns_gap=\u00a0\u00bb45&Prime; section_id=\u00a0\u00bbhoeren\u00a0\u00bb][vc_column width=\u00a0\u00bb1\/2&Prime; vertical_content_position=\u00a0\u00bbmiddle\u00a0\u00bb rc_heading_color=\u00a0\u00bblight\u00a0\u00bb rc_bg_type=\u00a0\u00bbgradient\u00a0\u00bb rc_bg_gradient_color_1=\u00a0\u00bbrgba(10,140,190,0.8)\u00a0\u00bb rc_bg_gradient_color_2=\u00a0\u00bb#0a8cbe\u00a0\u00bb rc_add_shadow=\u00a0\u00bbmedium-shadow\u00a0\u00bb expand_column_bg=\u00a0\u00bbexpand-bg-left\u00a0\u00bb rc_font_color=\u00a0\u00bb#ffffff\u00a0\u00bb css=\u00a0\u00bb.vc_custom_1562135484353{padding-top: 12% !important;padding-right: 12% !important;padding-bottom: 12% !important;padding-left: 12% !important;}\u00a0\u00bb]<div class=\"eut-empty-space eut-height-6x\" style=\"\"><\/div><h3 class=\"eut-element eut-title eut-align-inherit eut-h4\" style=\"\"><span>Lorsque les aides auditives ne suffisent plus, nous pouvons vous aider<\/span><\/h3><div class=\"eut-empty-space eut-height-1x\" style=\"\"><\/div><div class=\"eut-element eut-image eut-align-center\" style=\"\"><div class=\"eut-image-wrapper eut-popup-item\" style=\"max-width:242px;\"><div class=\"eut-thumbnail-wrapper\"  style=\"max-width: 242px;\"><div class=\"eut-thumbnail\"  style=\"padding-top: 123.967%;\"><img decoding=\"async\" width=\"242\" height=\"300\" src=\"https:\/\/www.gleichcom.ch\/wp-content\/uploads\/2019\/04\/Gleichcom-Puzzleteil-OHR-242x300.png\" class=\"attachment-medium size-medium eut-lazy-load lazyload\" alt=\"\" data-eutf-filter=\"yes\" srcset=\"https:\/\/www.gleichcom.ch\/wp-content\/themes\/crocal\/images\/empty\/empty.png\" data-src=\"https:\/\/www.gleichcom.ch\/wp-content\/uploads\/2019\/04\/Gleichcom-Puzzleteil-OHR-242x300.png\" data-sizes=\"auto\" data-srcset=\"https:\/\/www.gleichcom.ch\/wp-content\/uploads\/2019\/04\/Gleichcom-Puzzleteil-OHR-242x300.png 242w, https:\/\/www.gleichcom.ch\/wp-content\/uploads\/2019\/04\/Gleichcom-Puzzleteil-OHR.png 300w\" data-expand=\"1\" \/><\/div><\/div>  <\/div><\/div><div class=\"eut-empty-space eut-height-6x\" style=\"\"><\/div>[\/vc_column][vc_column width=\u00a0\u00bb1\/2&Prime; vertical_content_position=\u00a0\u00bbmiddle\u00a0\u00bb]<h1 class=\"eut-element eut-title eut-align-inherit eut-h1\" style=\"\"><span>entendre.<\/span><\/h1>[vc_column_text]Nos comp\u00e9tences-cl\u00e9s r\u00e9sident dans la connexion de moyens auxiliaires auditifs techniques \u00e0 des \u00e9quipements auditifs (appareils et implants auditifs). Les produits de notre gamme aident les personnes malentendantes dans leur vie quotidienne et leur facilitent la communication avec leur entourage. Dans la plupart des cas, nous pouvons am\u00e9liorer les performances existantes d\u2019une aide auditive. Que ce soit au travail, \u00e0 l\u2019\u00e9cole, dans le cadre des \u00e9tudes, \u00e0 la maison ou dans un foyer, nous avons l\u2019appareil auxiliaire auditif appropri\u00e9. Nous vous conseillons dans nos locaux resp. notre salle d\u2019exposition, sur votre lieu de travail ou \u00e0 domicile. Sur demande, nous proposons l\u2019installation de ces appareils auxiliaires pour faciliter encore davantage la compr\u00e9hension auditive de nos clients. Nous travaillons en collaboration avec des services sp\u00e9cialis\u00e9s suisses et des organisations suisses pour les personnes malentendantes. Nous souhaitons ainsi contribuer \u00e0 la mise en \u0153uvre de la loi sur l\u2019\u00e9galit\u00e9 pour les personnes handicap\u00e9es. Notre service comprend \u00e9galement l\u2019examen de la garantie de prise en charge par les institutions sociales. Notre objectif est de trouver la meilleure solution pour vous. C\u2019est pourquoi nous attachons une grande importance \u00e0 un conseil neutre et ind\u00e9pendant du fabricant. Nos appareils peuvent \u00eatre essay\u00e9s et, en cas de panne, nous mettons gratuitement \u00e0 disposition, sur demande, des appareils de remplacement pour la dur\u00e9e de la r\u00e9paration.[\/vc_column_text][\/vc_column][\/vc_row][vc_row padding_bottom_multiplier=\u00a0\u00bb5x\u00a0\u00bb columns_gap=\u00a0\u00bb45&Prime; section_id=\u00a0\u00bbsehen\u00a0\u00bb][vc_column width=\u00a0\u00bb1\/2&Prime; vertical_content_position=\u00a0\u00bbmiddle\u00a0\u00bb]<h1 class=\"eut-element eut-title eut-align-inherit eut-h1\" style=\"\"><span>voir.<\/span><\/h1>[vc_column_text]Nous vous proposons une large gamme d\u2019aides pour personnes atteintes d\u2019une d\u00e9ficience visuelle &#8211; lunettes, livres audio, cannes blanches, t\u00e9l\u00e9phones, montres et loupes &#8211; qui s\u2019enrichit constamment de nouveaux produits. Notre offre s\u2019adresse aussi bien aux personnes malvoyantes qu\u2019aux personnes aveugles. Que ce soit au travail, \u00e0 l\u2019\u00e9cole, dans le cadre des \u00e9tudes, \u00e0 la maison ou dans un foyer &#8211; nous avons le moyen auxiliaire appropri\u00e9. Nous vous conseillons dans nos locaux resp. notre salle d\u2019exposition, sur votre lieu de travail ou \u00e0 domicile. Sur demande, nous proposons l\u2019installation de ces aides pour faciliter encore davantage le confort visuel de nos clients. Nous travaillons en collaboration avec des services sp\u00e9cialis\u00e9s suisses et des organisations suisses pour les personnes malvoyantes. Nous souhaitons ainsi contribuer \u00e0 la mise en \u0153uvre de la loi sur l\u2019\u00e9galit\u00e9 pour les personnes handicap\u00e9es.[\/vc_column_text][\/vc_column][vc_column width=\u00a0\u00bb1\/2&Prime; vertical_content_position=\u00a0\u00bbmiddle\u00a0\u00bb rc_heading_color=\u00a0\u00bblight\u00a0\u00bb rc_bg_type=\u00a0\u00bbgradient\u00a0\u00bb rc_bg_gradient_color_1=\u00a0\u00bb#85ab28&Prime; rc_bg_gradient_color_2=\u00a0\u00bbrgba(133,171,40,0.8)\u00a0\u00bb rc_add_shadow=\u00a0\u00bbmedium-shadow\u00a0\u00bb expand_column_bg=\u00a0\u00bbexpand-bg-right\u00a0\u00bb mobile_column_order=\u00a0\u00bb1&Prime; rc_font_color=\u00a0\u00bb#ffffff\u00a0\u00bb css=\u00a0\u00bb.vc_custom_1562135469021{padding-top: 12% !important;padding-right: 12% !important;padding-bottom: 12% !important;padding-left: 12% !important;}\u00a0\u00bb]<div class=\"eut-empty-space eut-height-6x\" style=\"\"><\/div><h3 class=\"eut-element eut-title eut-align-inherit eut-h4\" style=\"\"><span>Les lunettes de lecture ne suffisent plus? Les aides pour personnes malvoyantes vous procurent le confort souhait\u00e9.<\/span><\/h3><div class=\"eut-empty-space eut-height-1x\" style=\"\"><\/div><div class=\"eut-element eut-image eut-align-center\" style=\"\"><div class=\"eut-image-wrapper eut-popup-item\" style=\"max-width:300px;\"><div class=\"eut-thumbnail-wrapper\"  style=\"max-width: 300px;\"><div class=\"eut-thumbnail\"  style=\"padding-top: 100%;\"><img decoding=\"async\" width=\"300\" height=\"300\" src=\"https:\/\/www.gleichcom.ch\/wp-content\/uploads\/2019\/04\/Gleichcom-Puzzleteil-AUGE.png\" class=\"attachment-medium size-medium eut-lazy-load lazyload\" alt=\"\" data-eutf-filter=\"yes\" srcset=\"https:\/\/www.gleichcom.ch\/wp-content\/themes\/crocal\/images\/empty\/empty.png\" data-src=\"https:\/\/www.gleichcom.ch\/wp-content\/uploads\/2019\/04\/Gleichcom-Puzzleteil-AUGE.png\" data-sizes=\"auto\" data-srcset=\"https:\/\/www.gleichcom.ch\/wp-content\/uploads\/2019\/04\/Gleichcom-Puzzleteil-AUGE.png 300w, https:\/\/www.gleichcom.ch\/wp-content\/uploads\/2019\/04\/Gleichcom-Puzzleteil-AUGE-150x150.png 150w\" data-expand=\"1\" \/><\/div><\/div>  <\/div><\/div><div class=\"eut-empty-space eut-height-6x\" style=\"\"><\/div>[\/vc_column][\/vc_row][vc_row padding_bottom_multiplier=\u00a0\u00bb\u00a0\u00bb columns_gap=\u00a0\u00bb45&Prime; section_id=\u00a0\u00bbleben\u00a0\u00bb][vc_column width=\u00a0\u00bb1\/2&Prime; vertical_content_position=\u00a0\u00bbmiddle\u00a0\u00bb rc_heading_color=\u00a0\u00bblight\u00a0\u00bb rc_bg_type=\u00a0\u00bbgradient\u00a0\u00bb rc_bg_gradient_color_1=\u00a0\u00bbrgba(236,102,29,0.8)\u00a0\u00bb rc_bg_gradient_color_2=\u00a0\u00bb#ec661d\u00a0\u00bb rc_add_shadow=\u00a0\u00bbmedium-shadow\u00a0\u00bb expand_column_bg=\u00a0\u00bbexpand-bg-left\u00a0\u00bb rc_font_color=\u00a0\u00bb#ffffff\u00a0\u00bb css=\u00a0\u00bb.vc_custom_1562135499120{padding-top: 12% !important;padding-right: 12% !important;padding-bottom: 12% !important;padding-left: 12% !important;}\u00a0\u00bb]<div class=\"eut-empty-space eut-height-6x\" style=\"\"><\/div><h3 class=\"eut-element eut-title eut-align-inherit eut-h4\" style=\"\"><span>La mobilit\u00e9 est synonyme d\u2019ind\u00e9pendance<\/span><\/h3><div class=\"eut-empty-space eut-height-1x\" style=\"\"><\/div><div class=\"eut-element eut-image eut-align-center\" style=\"\"><div class=\"eut-image-wrapper eut-popup-item\" style=\"max-width:300px;\"><div class=\"eut-thumbnail-wrapper\"  style=\"max-width: 300px;\"><div class=\"eut-thumbnail\"  style=\"padding-top: 99.333%;\"><img decoding=\"async\" width=\"300\" height=\"298\" src=\"https:\/\/www.gleichcom.ch\/wp-content\/uploads\/2019\/04\/Gleichcom-Puzzleteil-LEBEN-300x298.png\" class=\"attachment-medium size-medium eut-lazy-load lazyload\" alt=\"\" data-eutf-filter=\"yes\" srcset=\"https:\/\/www.gleichcom.ch\/wp-content\/themes\/crocal\/images\/empty\/empty.png\" data-src=\"https:\/\/www.gleichcom.ch\/wp-content\/uploads\/2019\/04\/Gleichcom-Puzzleteil-LEBEN-300x298.png\" data-sizes=\"auto\" data-srcset=\"https:\/\/www.gleichcom.ch\/wp-content\/uploads\/2019\/04\/Gleichcom-Puzzleteil-LEBEN.png 300w, https:\/\/www.gleichcom.ch\/wp-content\/uploads\/2019\/04\/Gleichcom-Puzzleteil-LEBEN-150x150.png 150w\" data-expand=\"1\" \/><\/div><\/div>  <\/div><\/div><div class=\"eut-empty-space eut-height-6x\" style=\"\"><\/div>[\/vc_column][vc_column width=\u00a0\u00bb1\/2&Prime; vertical_content_position=\u00a0\u00bbmiddle\u00a0\u00bb]<h1 class=\"eut-element eut-title eut-align-inherit eut-h1\" style=\"\"><span>vivre.<\/span><\/h1>[vc_column_text]Retrouvez votre mobilit\u00e9 et votre ind\u00e9pendance gr\u00e2ce \u00e0 nos moyens auxiliaires. O\u00f9 que vous soyez: au travail, en d\u00e9placement ou \u00e0 la maison. Notre large gamme de moyens auxiliaires vous offre l\u2019aide appropri\u00e9e. Nos moyens auxiliaires permettent aux personnes atteintes d\u2019un handicap mental ou physique de mener une vie plus autonome et leur donnent ainsi un peu d\u2019ind\u00e9pendance. Nous vous conseillons dans nos locaux resp. notre salle d\u2019exposition, sur votre lieu de travail, \u00e0 votre domicile ou dans la maison de retraite ou l\u2019\u00e9tablissement de soins o\u00f9 vous r\u00e9sidez.[\/vc_column_text][\/vc_column][\/vc_row][vc_row padding_top_multiplier=\u00a0\u00bb\u00a0\u00bb padding_bottom_multiplier=\u00a0\u00bb\u00a0\u00bb desktop_visibility=\u00a0\u00bbhide\u00a0\u00bb tablet_visibility=\u00a0\u00bbhide\u00a0\u00bb tablet_sm_visibility=\u00a0\u00bbhide\u00a0\u00bb][vc_column]<div class=\"eut-empty-space eut-height-1x\" style=\"\"><\/div>[\/vc_column][\/vc_row][vc_row padding_top_multiplier=\u00a0\u00bb4x\u00a0\u00bb padding_bottom_multiplier=\u00a0\u00bb4x\u00a0\u00bb rc_heading_color=\u00a0\u00bblight\u00a0\u00bb rc_bg_type=\u00a0\u00bbimage\u00a0\u00bb rc_bg_image=\u00a0\u00bb593&Prime; rc_bg_image_type=\u00a0\u00bbfixed\u00a0\u00bb rc_bg_color_overlay=\u00a0\u00bbcustom\u00a0\u00bb rc_bg_color_overlay_custom=\u00a0\u00bbrgba(54,82,156,0.75)\u00a0\u00bb rc_bg_image_scroll_effect=\u00a0\u00bbopacity-scroll-effect\u00a0\u00bb rc_font_color=\u00a0\u00bb#ffffff\u00a0\u00bb rc_bg_color=\u00a0\u00bb#36529c\u00a0\u00bb][vc_column width=\u00a0\u00bb1\/4&Prime; tablet_sm_width=\u00a0\u00bb1-6&Prime;][\/vc_column][vc_column width=\u00a0\u00bb1\/2&Prime; text_align=\u00a0\u00bbcenter\u00a0\u00bb clipping_animation=\u00a0\u00bbclipping-up\u00a0\u00bb tablet_sm_width=\u00a0\u00bb2-3&Prime;]<h3 class=\"eut-element eut-title eut-align-inherit eut-h2\" style=\"\"><span>Nous sommes le plus grand fournisseur d\u2019appareils auxiliaires en Suisse.<\/span><\/h3>[vc_column_text text_style=\u00a0\u00bbleader-text\u00a0\u00bb]Nous proposons plus de 6000\u00a0articles! Contactez-nous![\/vc_column_text]<div class=\"eut-empty-space eut-height-1x\" style=\"\"><\/div><div class=\"eut-element eut-align-inherit\"><a href=\"https:\/\/shop.gleichcom.ch\/?language=fr\" target=\"_blank\" rel=\"noopener noreferrer\" class=\"eut-btn eut-btn-large eut-shadow-medium eut-round eut-bg-primary-3 eut-bg-hover-white\"><span>Boutique en ligne<\/span><\/a><\/div>[\/vc_column][vc_column width=\u00a0\u00bb1\/4&Prime; tablet_sm_width=\u00a0\u00bb1-6&Prime;][\/vc_column][\/vc_row]<\/p>\n<\/section>","protected":false},"excerpt":{"rendered":"<p>[vc_row padding_top_multiplier=\u00a0\u00bb\u00a0\u00bb padding_bottom_multiplier=\u00a0\u00bb5x\u00a0\u00bb columns_gap=\u00a0\u00bb45&Prime; section_id=\u00a0\u00bbhoeren\u00a0\u00bb][vc_column width=\u00a0\u00bb1\/2&Prime; vertical_content_position=\u00a0\u00bbmiddle\u00a0\u00bb rc_heading_color=\u00a0\u00bblight\u00a0\u00bb rc_bg_type=\u00a0\u00bbgradient\u00a0\u00bb rc_bg_gradient_color_1=\u00a0\u00bbrgba(10,140,190,0.8)\u00a0\u00bb rc_bg_gradient_color_2=\u00a0\u00bb#0a8cbe\u00a0\u00bb rc_add_shadow=\u00a0\u00bbmedium-shadow\u00a0\u00bb expand_column_bg=\u00a0\u00bbexpand-bg-left\u00a0\u00bb rc_font_color=\u00a0\u00bb#ffffff\u00a0\u00bb css=\u00a0\u00bb.vc_custom_1562135484353{padding-top: 12% !important;padding-right: 12% !important;padding-bottom: 12% !important;padding-left: 12% !important;}\u00a0\u00bb][\/vc_column][vc_column width=\u00a0\u00bb1\/2&Prime; vertical_content_position=\u00a0\u00bbmiddle\u00a0\u00bb][vc_column_text]Nos comp\u00e9tences-cl\u00e9s r\u00e9sident dans la connexion [&hellip;]<\/p>\n","protected":false},"author":9,"featured_media":0,"parent":0,"menu_order":0,"comment_status":"closed","ping_status":"closed","template":"","meta":{"footnotes":""},"class_list":["post-1016","page","type-page","status-publish","hentry"],"_links":{"self":[{"href":"https:\/\/www.gleichcom.ch\/fr\/wp-json\/wp\/v2\/pages\/1016","targetHints":{"allow":["GET"]}}],"collection":[{"href":"https:\/\/www.gleichcom.ch\/fr\/wp-json\/wp\/v2\/pages"}],"about":[{"href":"https:\/\/www.gleichcom.ch\/fr\/wp-json\/wp\/v2\/types\/page"}],"author":[{"embeddable":true,"href":"https:\/\/www.gleichcom.ch\/fr\/wp-json\/wp\/v2\/users\/9"}],"replies":[{"embeddable":true,"href":"https:\/\/www.gleichcom.ch\/fr\/wp-json\/wp\/v2\/comments?post=1016"}],"version-history":[{"count":1,"href":"https:\/\/www.gleichcom.ch\/fr\/wp-json\/wp\/v2\/pages\/1016\/revisions"}],"predecessor-version":[{"id":1017,"href":"https:\/\/www.gleichcom.ch\/fr\/wp-json\/wp\/v2\/pages\/1016\/revisions\/1017"}],"wp:attachment":[{"href":"https:\/\/www.gleichcom.ch\/fr\/wp-json\/wp\/v2\/media?parent=1016"}],"curies":[{"name":"wp","href":"https:\/\/api.w.org\/{rel}","templated":true}]}}