{"id":1141,"date":"2019-12-19T11:06:46","date_gmt":"2019-12-19T10:06:46","guid":{"rendered":"https:\/\/www.gleichcom.ch\/home\/"},"modified":"2024-12-09T14:24:00","modified_gmt":"2024-12-09T13:24:00","slug":"home","status":"publish","type":"page","link":"https:\/\/www.gleichcom.ch\/fr\/","title":{"rendered":"Home"},"content":{"rendered":"<section class=\"wpb-content-wrapper\"><p>[vc_row padding_top_multiplier=\u00a0\u00bb\u00a0\u00bb padding_bottom_multiplier=\u00a0\u00bb\u00a0\u00bb][vc_column full_height=\u00a0\u00bbyes\u00a0\u00bb]\n\t\t\t<!-- START GleichcomHome REVOLUTION SLIDER 6.6.12 --><p class=\"rs-p-wp-fix\"><\/p>\n\t\t\t<rs-module-wrap id=\"rev_slider_2_1_wrapper\" data-source=\"gallery\" style=\"visibility:hidden;background:transparent;padding:0;margin:0px auto;margin-top:0;margin-bottom:0;\">\n\t\t\t\t<rs-module id=\"rev_slider_2_1\" style=\"\" data-version=\"6.6.12\">\n\t\t\t\t\t<rs-slides style=\"overflow: hidden; position: absolute;\">\n\t\t\t\t\t\t<rs-slide style=\"position: absolute;\" data-key=\"rs-2\" data-title=\"Gleichcom\" data-anim=\"ms:600;\" data-in=\"o:0;\" data-out=\"a:false;\">\n\t\t\t\t\t\t\t<img decoding=\"async\" src=\"\/\/www.gleichcom.ch\/wp-content\/plugins\/revslider\/public\/assets\/assets\/dummy.png\" alt=\"\" title=\"home-gleichcom.jpg\" width=\"2769\" height=\"1515\" class=\"rev-slidebg tp-rs-img rs-lazyload\" data-lazyload=\"\/\/www.gleichcom.ch\/wp-content\/uploads\/revslider\/home\/home-gleichcom.jpg\" data-parallax=\"4\" data-no-retina>\n<!--\n\t\t\t\t\t\t\t--><rs-layer\n\t\t\t\t\t\t\t\tid=\"slider-2-slide-2-layer-1\" \n\t\t\t\t\t\t\t\tclass=\"rs-pxl-3\"\n\t\t\t\t\t\t\t\tdata-type=\"image\"\n\t\t\t\t\t\t\t\tdata-rsp_ch=\"on\"\n\t\t\t\t\t\t\t\tdata-xy=\"xo:1px,1px,1px,38px;yo:146px,146px,146px,155px;\"\n\t\t\t\t\t\t\t\tdata-text=\"l:22;a:inherit;\"\n\t\t\t\t\t\t\t\tdata-dim=\"w:161px,161px,161px,100px;h:200px,200px,200px,124px;\"\n\t\t\t\t\t\t\t\tdata-frame_0=\"sX:1.1;sY:1.1;rZ:5deg;\"\n\t\t\t\t\t\t\t\tdata-frame_1=\"e:power3.out;sp:1000;sR:10;\"\n\t\t\t\t\t\t\t\tdata-frame_999=\"o:0;st:w;sR:7990;\"\n\t\t\t\t\t\t\t\tstyle=\"z-index:12;\"\n\t\t\t\t\t\t\t><img decoding=\"async\" src=\"\/\/www.gleichcom.ch\/wp-content\/plugins\/revslider\/public\/assets\/assets\/dummy.png\" alt=\"\" class=\"tp-rs-img rs-lazyload\" width=\"300\" height=\"372\" data-lazyload=\"\/\/www.gleichcom.ch\/wp-content\/uploads\/revslider\/home\/Gleichcom-Puzzleteil-OHR.png\" data-no-retina> \n\t\t\t\t\t\t\t<\/rs-layer><!--\n\n\t\t\t\t\t\t\t--><rs-layer\n\t\t\t\t\t\t\t\tid=\"slider-2-slide-2-layer-2\" \n\t\t\t\t\t\t\t\tclass=\"rs-pxl-3\"\n\t\t\t\t\t\t\t\tdata-type=\"image\"\n\t\t\t\t\t\t\t\tdata-rsp_ch=\"on\"\n\t\t\t\t\t\t\t\tdata-xy=\"xo:121px,121px,121px,112px;yo:186px,186px,186px,179px;\"\n\t\t\t\t\t\t\t\tdata-text=\"l:22;a:inherit;\"\n\t\t\t\t\t\t\t\tdata-dim=\"w:200px,200px,200px,126px;h:200px,200px,200px,126px;\"\n\t\t\t\t\t\t\t\tdata-frame_0=\"x:25px;y:25px;rX:25deg;rY:25deg;\"\n\t\t\t\t\t\t\t\tdata-frame_1=\"e:power1.out;st:550;sp:1000;sR:550;\"\n\t\t\t\t\t\t\t\tdata-frame_999=\"o:0;st:w;sR:7450;\"\n\t\t\t\t\t\t\t\tstyle=\"z-index:11;\"\n\t\t\t\t\t\t\t><img decoding=\"async\" src=\"\/\/www.gleichcom.ch\/wp-content\/plugins\/revslider\/public\/assets\/assets\/dummy.png\" alt=\"\" class=\"tp-rs-img rs-lazyload\" width=\"300\" height=\"300\" data-lazyload=\"\/\/www.gleichcom.ch\/wp-content\/uploads\/revslider\/home\/Gleichcom-Puzzleteil-AUGE.png\" data-no-retina> \n\t\t\t\t\t\t\t<\/rs-layer><!--\n\n\t\t\t\t\t\t\t--><rs-layer\n\t\t\t\t\t\t\t\tid=\"slider-2-slide-2-layer-3\" \n\t\t\t\t\t\t\t\tclass=\"rs-pxl-3\"\n\t\t\t\t\t\t\t\tdata-type=\"image\"\n\t\t\t\t\t\t\t\tdata-rsp_ch=\"on\"\n\t\t\t\t\t\t\t\tdata-xy=\"xo:279px,279px,279px,212px;yo:146px,146px,146px,155px;\"\n\t\t\t\t\t\t\t\tdata-text=\"l:22;a:inherit;\"\n\t\t\t\t\t\t\t\tdata-dim=\"w:201px,201px,201px,126px;h:200px,200px,200px,125px;\"\n\t\t\t\t\t\t\t\tdata-frame_0=\"x:25px;rY:25deg;\"\n\t\t\t\t\t\t\t\tdata-frame_1=\"e:power2.out;st:1100;sp:1000;sR:1100;\"\n\t\t\t\t\t\t\t\tdata-frame_999=\"o:0;st:w;sR:6900;\"\n\t\t\t\t\t\t\t\tstyle=\"z-index:10;\"\n\t\t\t\t\t\t\t><img decoding=\"async\" src=\"\/\/www.gleichcom.ch\/wp-content\/plugins\/revslider\/public\/assets\/assets\/dummy.png\" alt=\"\" class=\"tp-rs-img rs-lazyload\" width=\"300\" height=\"298\" data-lazyload=\"\/\/www.gleichcom.ch\/wp-content\/uploads\/revslider\/home\/Gleichcom-Puzzleteil-LEBEN.png\" data-no-retina> \n\t\t\t\t\t\t\t<\/rs-layer><!--\n\n\t\t\t\t\t\t\t--><rs-layer\n\t\t\t\t\t\t\t\tid=\"slider-2-slide-2-layer-4\" \n\t\t\t\t\t\t\t\tdata-type=\"text\"\n\t\t\t\t\t\t\t\tdata-color=\"#000000\"\n\t\t\t\t\t\t\t\tdata-rsp_ch=\"on\"\n\t\t\t\t\t\t\t\tdata-xy=\"xo:-1px,2px,0,40px;yo:403px,411px,396px,315px;\"\n\t\t\t\t\t\t\t\tdata-text=\"w:normal;s:101,97,100,62;l:100,120,124,77;fw:600;\"\n\t\t\t\t\t\t\t\tdata-frame_0=\"blu:15px;\"\n\t\t\t\t\t\t\t\tdata-frame_0_chars=\"d:5;y:cyc(0px|-50|50|0px|-5|5);o:0;\"\n\t\t\t\t\t\t\t\tdata-frame_1=\"st:990;sp:750;sR:990;\"\n\t\t\t\t\t\t\t\tdata-frame_1_chars=\"dir:middletoedge;d:5;\"\n\t\t\t\t\t\t\t\tdata-frame_999=\"o:0;st:w;sR:6810;\"\n\t\t\t\t\t\t\t\tstyle=\"z-index:13;font-family:'Trebuchet MS', 'Helvetica', 'sans-serif';\"\n\t\t\t\t\t\t\t>Gleichcom \n\t\t\t\t\t\t\t<\/rs-layer><!--\n\n\t\t\t\t\t\t\t--><rs-layer\n\t\t\t\t\t\t\t\tid=\"slider-2-slide-2-layer-8\" \n\t\t\t\t\t\t\t\tdata-type=\"text\"\n\t\t\t\t\t\t\t\tdata-color=\"#000000\"\n\t\t\t\t\t\t\t\tdata-rsp_ch=\"on\"\n\t\t\t\t\t\t\t\tdata-xy=\"xo:3px,6px,0,44px;yo:515px,523px,522px,398px;\"\n\t\t\t\t\t\t\t\tdata-text=\"w:normal;s:40,38,40,24;l:25,40,45,30;\"\n\t\t\t\t\t\t\t\tdata-dim=\"w:496px,434px,329px,202px;\"\n\t\t\t\t\t\t\t\tdata-frame_0=\"rX:70deg;oZ:-50;\"\n\t\t\t\t\t\t\t\tdata-frame_0_chars=\"d:5;y:cyc(-100||100);o:0;\"\n\t\t\t\t\t\t\t\tdata-frame_1=\"oZ:-50;e:power4.inOut;sp:750;\"\n\t\t\t\t\t\t\t\tdata-frame_1_chars=\"e:power4.inOut;d:5;\"\n\t\t\t\t\t\t\t\tdata-frame_999=\"o:0;st:w;sR:8280;\"\n\t\t\t\t\t\t\t\tstyle=\"z-index:14;font-family:'Roboto';\"\n\t\t\t\t\t\t\t>besser h\u00f6ren. sehen. leben. \n\t\t\t\t\t\t\t<\/rs-layer><!--\n-->\t\t\t\t\t\t<\/rs-slide>\n\t\t\t\t\t<\/rs-slides>\n\t\t\t\t<\/rs-module>\n\t\t\t\t<script>\n\t\t\t\t\tsetREVStartSize({c: 'rev_slider_2_1',rl:[1240,1024,768,480],el:[800,768,960,600],gw:[1170,1024,778,480],gh:[800,768,960,600],type:'hero',justify:'',layout:'fullwidth',mh:\"0\"});if (window.RS_MODULES!==undefined && window.RS_MODULES.modules!==undefined && window.RS_MODULES.modules[\"revslider21\"]!==undefined) {window.RS_MODULES.modules[\"revslider21\"].once = false;window.revapi2 = undefined;if (window.RS_MODULES.checkMinimal!==undefined) window.RS_MODULES.checkMinimal()}\n\t\t\t\t<\/script>\n\t\t\t<\/rs-module-wrap>\n\t\t\t<!-- END REVOLUTION SLIDER -->\n[\/vc_column][\/vc_row][vc_row padding_top_multiplier=\u00a0\u00bb\u00a0\u00bb padding_bottom_multiplier=\u00a0\u00bb\u00a0\u00bb][vc_column width=\u00a0\u00bb1\/3&Prime; text_align=\u00a0\u00bbcenter\u00a0\u00bb rc_heading_color=\u00a0\u00bblight\u00a0\u00bb rc_bg_type=\u00a0\u00bbcolor\u00a0\u00bb rc_add_shadow=\u00a0\u00bbmedium-shadow\u00a0\u00bb clipping_animation=\u00a0\u00bbclipping-left\u00a0\u00bb column_custom_position=\u00a0\u00bbyes\u00a0\u00bb position_top=\u00a0\u00bbminus-2x\u00a0\u00bb css=\u00a0\u00bb.vc_custom_1562061119913{padding-top: 18% !important;padding-right: 10% !important;padding-bottom: 18% !important;padding-left: 10% !important;border-radius: 3px !important;}\u00a0\u00bb rc_font_color=\u00a0\u00bb#ffffff\u00a0\u00bb rc_bg_color=\u00a0\u00bb#36529c\u00a0\u00bb]<h3 class=\"eut-element eut-title eut-align-inherit eut-h4\" style=\"margin-bottom: 0px;\"><span>Boutique en ligne<\/span><\/h3>[vc_column_text]Le plus grand magasin en ligne d\u2019aides auditives en Suisse \u2013 la r\u00e9f\u00e9rence pour votre confort auditif ![\/vc_column_text]<div class=\"eut-empty-space eut-height-1x\" style=\"\"><\/div><div class=\"eut-element eut-align-inherit\"><a href=\"https:\/\/shop.gleichcom.ch\/?language=fr\" target=\"_blank\" rel=\"noopener noreferrer\" class=\"eut-btn eut-btn-medium eut-shadow-medium eut-round eut-bg-white eut-bg-hover-primary-1\"><span>Boutique en ligne<\/span><\/a><\/div>[\/vc_column][vc_column width=\u00a0\u00bb1\/3&Prime; text_align=\u00a0\u00bbcenter\u00a0\u00bb rc_heading_color=\u00a0\u00bblight\u00a0\u00bb rc_bg_type=\u00a0\u00bbcolor\u00a0\u00bb rc_add_shadow=\u00a0\u00bbmedium-shadow\u00a0\u00bb clipping_animation=\u00a0\u00bbclipping-left\u00a0\u00bb animation_delay=\u00a0\u00bb400&Prime; column_custom_position=\u00a0\u00bbyes\u00a0\u00bb position_top=\u00a0\u00bbminus-2x\u00a0\u00bb css=\u00a0\u00bb.vc_custom_1562061174751{padding-top: 18% !important;padding-right: 10% !important;padding-bottom: 18% !important;padding-left: 10% !important;border-radius: 3px !important;}\u00a0\u00bb rc_font_color=\u00a0\u00bb#ffffff\u00a0\u00bb rc_bg_color=\u00a0\u00bb#50689b\u00a0\u00bb]<h3 class=\"eut-element eut-title eut-align-inherit eut-h4\" style=\"margin-bottom: 0px;\"><span>Nos prestations<\/span><\/h3>[vc_column_text]Des conseils personnalis\u00e9s : dans notre showroom, sur votre lieu de travail ou directement chez vous.[\/vc_column_text]<div class=\"eut-empty-space eut-height-1x\" style=\"\"><\/div><div class=\"eut-element eut-align-inherit\"><a href=\"https:\/\/www.gleichcom.ch\/fr\/prestations\/\" title=\"Services\" class=\"eut-btn eut-btn-medium eut-shadow-medium eut-round eut-bg-white eut-bg-hover-primary-1\"><span>Pour en savoir plus<\/span><\/a><\/div>[\/vc_column][vc_column width=\u00a0\u00bb1\/3&Prime; text_align=\u00a0\u00bbcenter\u00a0\u00bb rc_heading_color=\u00a0\u00bblight\u00a0\u00bb rc_bg_type=\u00a0\u00bbcolor\u00a0\u00bb rc_add_shadow=\u00a0\u00bbmedium-shadow\u00a0\u00bb clipping_animation=\u00a0\u00bbclipping-left\u00a0\u00bb animation_delay=\u00a0\u00bb600&Prime; column_custom_position=\u00a0\u00bbyes\u00a0\u00bb position_top=\u00a0\u00bbminus-2x\u00a0\u00bb css=\u00a0\u00bb.vc_custom_1562061189353{padding-top: 18% !important;padding-right: 10% !important;padding-bottom: 18% !important;padding-left: 10% !important;border-radius: 3px !important;}\u00a0\u00bb rc_font_color=\u00a0\u00bb#ffffff\u00a0\u00bb rc_bg_color=\u00a0\u00bb#738ab7&Prime;]<h3 class=\"eut-element eut-title eut-align-inherit eut-h4\" style=\"margin-bottom: 0px;\"><span>Agenda<\/span><\/h3>[vc_column_text]Retrouvez nos conseillers sp\u00e9cialis\u00e9s aux lieux et dates suivants.[\/vc_column_text]<div class=\"eut-empty-space eut-height-1x\" style=\"\"><\/div><div class=\"eut-element eut-align-inherit\"><a href=\"https:\/\/www.gleichcom.ch\/fr\/events\/\" class=\"eut-btn eut-btn-medium eut-shadow-medium eut-round eut-bg-white eut-bg-hover-primary-1\"><span>Manifestations<\/span><\/a><\/div>[\/vc_column][\/vc_row][vc_row padding_top_multiplier=\u00a0\u00bb2x\u00a0\u00bb padding_bottom_multiplier=\u00a0\u00bb\u00a0\u00bb][vc_column text_align=\u00a0\u00bbcenter\u00a0\u00bb tablet_sm_width=\u00a0\u00bb1-6&Prime;]<h3 class=\"eut-element eut-title eut-align-inherit eut-h3\" style=\"\"><span><br>\n<h1>Gleichcom &#8211; comprendre imm\u00e9diatement<\/h1>\n<\/span><\/h3><div class=\"eut-empty-space eut-height-2x\" style=\"\"><\/div>[\/vc_column][vc_column width=\u00a0\u00bb1\/2&Prime; tablet_sm_width=\u00a0\u00bb2-3&Prime;][vc_column_text text_style=\u00a0\u00bbleader-text\u00a0\u00bb]En tant qu&rsquo;entreprise familiale, nous conseillons depuis pr\u00e8s de 30 ans les personnes souffrant d&rsquo;une perte auditive. Nous proposons des solutions adapt\u00e9es et \u00e9galement sur mesure dans le domaine des aides auditives techniques. Tout ce qui est reli\u00e9 aux aides auditives, qui compl\u00e8te leur fonction et leur port\u00e9e, est notre domaine d&rsquo;expertise.<\/p>\n<p>Depuis peu, nous nous concentrons \u00e9galement sur les personnes souffrant d&rsquo;un handicap visuel. Lunettes de lecture, cannes d&rsquo;aveugle, t\u00e9l\u00e9phones sp\u00e9ciaux \u00e0 grosses touches, montres parlantes : notre assortiment s&rsquo;est enrichi d&rsquo;une large palette de produits et continue d&rsquo;\u00eatre actualis\u00e9.<\/p>\n<p>La mobilit\u00e9 des personnes \u00e0 mobilit\u00e9 r\u00e9duite est le troisi\u00e8me secteur de notre entreprise sur lequel nous allons mettre l&rsquo;accent. Nos collaborateurs sont form\u00e9s en permanence afin que nous puissions \u00e9galement les conseiller de mani\u00e8re comp\u00e9tente dans ce domaine. La gamme de produits \u00ab vivre \u00bb est encore en cours de d\u00e9veloppement.<\/p>\n<p>Il existe des situations dans lesquelles les appareils auditifs ou les implants cochl\u00e9aires ne suffisent pas \u00e0 comprendre l&rsquo;autre personne, ou de simples lunettes de lecture ne suffisent pas non plus \u00e0 g\u00e9rer le quotidien sans probl\u00e8me.<\/p>\n<p>Les environnements bruyants rendent la compr\u00e9hension du langage oral difficile. De m\u00eame, les grands environnements rendent difficile la vision des \u00e9l\u00e9ments importants.<\/p>\n<p>Notre objectif est de (re)permettre aux personnes handicap\u00e9es &#8211; de l&rsquo;ou\u00efe, de la vue ou de la vie quotidienne &#8211; d&rsquo;avoir un contact social, de faciliter leur quotidien ou d&rsquo;encourager leur autonomie.<\/p>\n<p>Nous nous engageons fortement pour que la loi sur l&rsquo;\u00e9galit\u00e9 des personnes handicap\u00e9es soit effectivement appliqu\u00e9e. Un point important est par exemple l&rsquo;int\u00e9gration sur le lieu de travail. Les progr\u00e8s de la technologie ne sont pas toujours \u00e9vidents \u00e0 comprendre. C&rsquo;est pourquoi nous conseillons \u00e9galement nos clients sur place ou installons les composants \u00e0 domicile ou sur le lieu de travail.<\/p>\n<p>Nous aidons \u00e9galement \u00e0 clarifier les questions de remboursement vis-\u00e0-vis des institutions d&rsquo;assurance (SUVA, AI, etc.).[\/vc_column_text][\/vc_column][vc_column width=\u00a0\u00bb1\/2&Prime;][vc_row_inner padding_top_multiplier=\u00a0\u00bb\u00a0\u00bb padding_bottom_multiplier=\u00a0\u00bb\u00a0\u00bb][vc_column_inner rc_bg_type=\u00a0\u00bbcolor\u00a0\u00bb css=\u00a0\u00bb.vc_custom_1556657676036{padding-top: 5% !important;padding-right: 5% !important;padding-bottom: 5% !important;padding-left: 5% !important;}\u00a0\u00bb rc_bg_color=\u00a0\u00bb#f4f4f4&Prime;][vc_column_text css=\u00a0\u00bb.vc_custom_1732615089297{margin-bottom: -28px !important;}\u00a0\u00bb]<\/p>\n<ul>\n<li>Conseil dans notre showroom, sur votre lieu de travail ou \u00e0 votre domicile<\/li>\n<li>Soutien lors de la clarification de la prise en charge des co\u00fbts par l&rsquo;AI, la SUVA ou d&rsquo;autres institutions<\/li>\n<li>Port d&rsquo;essai sans engagement des appareils pendant 10 jours<\/li>\n<li>Garantie du fabricant de 24 mois et, sur demande, appareil de remplacement en cas de r\u00e9paration<\/li>\n<li>Le plus grand magasin en ligne d&rsquo;aides auditives de Suisse<\/li>\n<li>Conseil et mise en \u0153uvre d&rsquo;installations d&rsquo;induction pour les b\u00e2timents publics<\/li>\n<li>Location de syst\u00e8mes FM et d&rsquo;induction pour des manifestations publiques et priv\u00e9es<\/li>\n<\/ul>\n<p>[\/vc_column_text][\/vc_column_inner][\/vc_row_inner]<div class=\"eut-empty-space eut-height-2x\" style=\"\"><\/div>[vc_column_text]Vous trouverez un bref aper\u00e7u de notre gamme de produits dans notre brochure.[\/vc_column_text]<div class=\"eut-empty-space eut-height-1x\" style=\"\"><\/div><div class=\"eut-element eut-align-inherit\"><a href=\"https:\/\/gleichcom.ch\/wp-content\/uploads\/2019\/07\/Gleichcom_Brosch_2019_08_low.pdf\" class=\"eut-btn eut-btn-large eut-shadow-medium eut-with-icon eut-round eut-bg-primary-1 eut-bg-hover-black\"><span>Brochure<i class=\"fa fa-file-pdf-o\" aria-hidden=\"true\"><\/i><\/span><\/a><\/div>[vc_row_inner padding_bottom_multiplier=\u00a0\u00bb\u00a0\u00bb][vc_column_inner vertical_content_position=\u00a0\u00bbmiddle\u00a0\u00bb rc_bg_type=\u00a0\u00bbimage\u00a0\u00bb rc_bg_image=\u00a0\u00bb760&Prime; expand_column_bg=\u00a0\u00bbexpand-bg-right\u00a0\u00bb]<div class=\"eut-empty-space\" style=\"height: 650px;\"><\/div>[\/vc_column_inner][\/vc_row_inner][\/vc_column][\/vc_row][vc_row padding_top_multiplier=\u00a0\u00bb4x\u00a0\u00bb padding_bottom_multiplier=\u00a0\u00bb4x\u00a0\u00bb rc_heading_color=\u00a0\u00bblight\u00a0\u00bb rc_bg_type=\u00a0\u00bbimage\u00a0\u00bb rc_bg_image=\u00a0\u00bb593&Prime; rc_bg_image_type=\u00a0\u00bbfixed\u00a0\u00bb rc_bg_color_overlay=\u00a0\u00bbcustom\u00a0\u00bb rc_bg_color_overlay_custom=\u00a0\u00bbrgba(54,82,156,0.75)\u00a0\u00bb rc_bg_image_scroll_effect=\u00a0\u00bbopacity-scroll-effect\u00a0\u00bb rc_bg_image_scroll_effect_offset=\u00a0\u00bb40&Prime; rc_font_color=\u00a0\u00bb#ffffff\u00a0\u00bb rc_bg_color=\u00a0\u00bbrgba(54,82,156,0.75)\u00a0\u00bb][vc_column width=\u00a0\u00bb1\/4&Prime; tablet_sm_width=\u00a0\u00bb1-6&Prime;][\/vc_column][vc_column width=\u00a0\u00bb1\/2&Prime; text_align=\u00a0\u00bbcenter\u00a0\u00bb clipping_animation=\u00a0\u00bbclipping-up\u00a0\u00bb tablet_sm_width=\u00a0\u00bb2-3&Prime;]<h3 class=\"eut-element eut-title eut-align-inherit eut-h2\" style=\"\"><span>Nous sommes le plus grand fournisseur d\u2019appareils auxiliaires en Suisse.<\/span><\/h3>[vc_column_text text_style=\u00a0\u00bbleader-text\u00a0\u00bb]Nous vous proposons un vaste choix de produits personnalisables pour faciliter votre quotidien. Visitez notre boutique en ligne \u00e0 tout moment &#8211; 24 heures sur 24 ![\/vc_column_text]<div class=\"eut-empty-space eut-height-1x\" style=\"\"><\/div><div class=\"eut-element eut-align-inherit\"><a href=\"https:\/\/shop.gleichcom.ch\/?language=fr\" class=\"eut-btn eut-btn-large eut-shadow-medium eut-round eut-bg-primary-3 eut-bg-hover-white\"><span>Zum Shop<\/span><\/a><\/div>[\/vc_column][vc_column width=\u00a0\u00bb1\/4&Prime; tablet_sm_width=\u00a0\u00bb1-6&Prime;][\/vc_column][\/vc_row][vc_row padding_top_multiplier=\u00a0\u00bb4x\u00a0\u00bb padding_bottom_multiplier=\u00a0\u00bb4x\u00a0\u00bb][vc_column width=\u00a0\u00bb1\/2&Prime;]<div class=\"eut-element eut-image eut-colored-clipping-left eut-advanced-animation eut-colored-clipping eut-clipping-animation eut-align-center eut-image-space-100 eut-image-expand-width\" style=\"\" data-clipping-color=\"primary-1\" data-delay=\"400\"><div class=\"eut-image-wrapper eut-popup-item eut-radius-3 eut-medium-shadow eut-with-shadow\"><div class=\"eut-thumbnail-wrapper\"><div class=\"eut-thumbnail\"  style=\"padding-top: 100%;\"><img decoding=\"async\" width=\"560\" height=\"560\" src=\"https:\/\/www.gleichcom.ch\/wp-content\/uploads\/2019\/07\/wir-sind-fuer-sie-da-560x560.jpg\" class=\"attachment-crocal-eutf-small-square size-crocal-eutf-small-square eut-lazy-load lazyload\" alt=\"\" data-eutf-filter=\"yes\" srcset=\"https:\/\/www.gleichcom.ch\/wp-content\/themes\/crocal\/images\/empty\/empty.png\" data-src=\"https:\/\/www.gleichcom.ch\/wp-content\/uploads\/2019\/07\/wir-sind-fuer-sie-da-560x560.jpg\" data-sizes=\"auto\" data-srcset=\"https:\/\/www.gleichcom.ch\/wp-content\/uploads\/2019\/07\/wir-sind-fuer-sie-da-560x560.jpg 560w, https:\/\/www.gleichcom.ch\/wp-content\/uploads\/2019\/07\/wir-sind-fuer-sie-da-150x150.jpg 150w, https:\/\/www.gleichcom.ch\/wp-content\/uploads\/2019\/07\/wir-sind-fuer-sie-da-900x900.jpg 900w\" data-expand=\"1\" \/><\/div><\/div>  <\/div><\/div>[\/vc_column][vc_column width=\u00a0\u00bb1\/2&Prime; content_width=\u00a0\u00bbcustom\u00a0\u00bb horizontal_content_position=\u00a0\u00bbright\u00a0\u00bb vertical_content_position=\u00a0\u00bbmiddle\u00a0\u00bb custom_content_width=\u00a0\u00bb470&Prime;]<h3 class=\"eut-element eut-title eut-align-inherit eut-h3\" style=\"\"><span>Nous sommes \u00e0 votre service.<\/span><\/h3>[vc_column_text]Des conseils gratuits et des tests de produits sont possibles dans notre showroom. Il vous suffit de prendre rendez-vous avec l&rsquo;un de nos acousticiens ou de nous appeler :<\/p>\n<p><strong>Lu-Ve : 10.00-12.00 \/ 13.00-15.00 heures<br \/>\n<\/strong>T\u00e9l\u00e9phone : +41 41 783 00 80<\/p>\n<p>Nous prenons le temps n\u00e9cessaire pour chaque cliente et chaque client afin de garantir un conseil individuel et professionnel. N&rsquo;h\u00e9sitez pas \u00e0 nous contacter pour convenir d&rsquo;un rendez-vous.<\/p>\n<p>Nous vous remercions de votre compr\u00e9hension et appr\u00e9cions beaucoup que vous preniez rendez-vous au pr\u00e9alable.<\/p>\n<p>Si vous le souhaitez, nous pouvons \u00e9galement vous rendre visite chez vous et vous conseiller sur place, moyennant des frais.<\/p>\n<p>Sur notre <a href=\"http:\/\/shop.gleichcom.ch\">boutique on ligne<\/a>\u00a0vous pouvez commander nos produits et moyens auxiliaires 24 heures sur 24.[\/vc_column_text]<div class=\"eut-element eut-divider\" style=\"padding-top: 30px;padding-bottom: 30px;\"><div class=\"eut-line-divider eut-border\"><\/div><\/div>[vc_row_inner padding_top_multiplier=\u00a0\u00bb\u00a0\u00bb padding_bottom_multiplier=\u00a0\u00bb\u00a0\u00bb][vc_column_inner width=\u00a0\u00bb1\/3&Prime; mobile_width=\u00a0\u00bb1-3&Prime;]<div class=\"eut-element eut-counter eut-align-inherit\" style=\"\">  <div class=\"eut-counter-content\">    <div class=\"eut-counter-item eut-h2 eut-text-primary-1\">      <span data-thousands-separator-vis=\"\" data-thousands-separator=\",\" data-prefix=\"\" data-suffix=\"\" data-start-val=\"0\" data-end-val=\"30\" data-decimal-points=\"0\" data-decimal-separator=\".\" >0<\/span>    <\/div>\t<h3 class=\"eut-counter-title eut-link-text\">ann\u00e9es d\u2019exp\u00e9rience<\/h3>  <\/div><\/div>[\/vc_column_inner][vc_column_inner width=\u00a0\u00bb1\/3&Prime; mobile_width=\u00a0\u00bb1-3&Prime;]<div class=\"eut-element eut-counter eut-align-inherit\" style=\"\">  <div class=\"eut-counter-content\">    <div class=\"eut-counter-item eut-h2 eut-text-primary-1\">      <span data-thousands-separator-vis=\"\" data-thousands-separator=\",\" data-prefix=\"\" data-suffix=\"\" data-start-val=\"0\" data-end-val=\"6000\" data-decimal-points=\"0\" data-decimal-separator=\".\" >0<\/span>    <\/div>\t<h3 class=\"eut-counter-title eut-link-text\">Artikel<\/h3>  <\/div><\/div>[\/vc_column_inner][vc_column_inner width=\u00a0\u00bb1\/3&Prime; mobile_width=\u00a0\u00bb1-3&Prime;]<div class=\"eut-element eut-counter eut-align-inherit\" style=\"\">  <div class=\"eut-counter-content\">    <div class=\"eut-counter-item eut-h2 eut-text-primary-1\">      <span data-thousands-separator-vis=\"\" data-thousands-separator=\"&#039;\" data-prefix=\"\" data-suffix=\"\" data-start-val=\"0\" data-end-val=\"34000\" data-decimal-points=\"0\" data-decimal-separator=\".\" >0<\/span>    <\/div>\t<h3 class=\"eut-counter-title eut-link-text\">clients<\/h3>  <\/div><\/div>[\/vc_column_inner][\/vc_row_inner][\/vc_column][\/vc_row][vc_row padding_top_multiplier=\u00a0\u00bb4x\u00a0\u00bb padding_bottom_multiplier=\u00a0\u00bb4x\u00a0\u00bb rc_heading_color=\u00a0\u00bblight\u00a0\u00bb rc_bg_type=\u00a0\u00bbimage\u00a0\u00bb rc_bg_image=\u00a0\u00bb595&Prime; rc_bg_image_type=\u00a0\u00bbparallax\u00a0\u00bb rc_bg_color_overlay=\u00a0\u00bbcustom\u00a0\u00bb rc_bg_color_overlay_custom=\u00a0\u00bbrgba(54,82,156,0.75)\u00a0\u00bb rc_bg_image_scroll_effect=\u00a0\u00bbopacity-scroll-effect\u00a0\u00bb rc_bg_image_scroll_effect_offset=\u00a0\u00bb40&Prime; columns_gap=\u00a0\u00bb30&Prime; rc_bg_color=\u00a0\u00bb#36529c\u00a0\u00bb rc_font_color=\u00a0\u00bb#ffffff\u00a0\u00bb][vc_column width=\u00a0\u00bb1\/12&Prime; vertical_content_position=\u00a0\u00bbmiddle\u00a0\u00bb][\/vc_column][vc_column vertical_content_position=\u00a0\u00bbmiddle\u00a0\u00bb]<h3 class=\"eut-element eut-title eut-align-inherit eut-h3\" style=\"\"><span>Prochains \u00e9v\u00e9nements<\/span><\/h3>[vc_column_text]Vous avez des questions sur la connexion des aides techniques aux aides auditives et visuelles.<br \/>\nApprenez-en plus sur vos possibilit\u00e9s individuelles et discutez avec notre \u00e9quipe sur place.[\/vc_column_text]<div class=\"eut-empty-space eut-height-1x\" style=\"\"><\/div>[vc_row_inner][vc_column_inner width=\u00a0\u00bb1\/3&Prime;]<div class=\"eut-element eut-align-inherit\"><a href=\"https:\/\/www.gleichcom.ch\/fr\/events\/\" class=\"eut-btn eut-btn-medium eut-round eut-bg-white eut-bg-hover-primary-1\"><span>Aux \u00e9v\u00e9nements<\/span><\/a><\/div>[\/vc_column_inner][\/vc_row_inner][vc_row_inner][vc_column_inner width=\u00a0\u00bb1\/4&Prime;]<div class=\"eut-element eut-align-inherit\"><a href=\"https:\/\/www.gleichcom.ch\/wp-content\/uploads\/2023\/08\/tag-der-offenen-tueren-2023-flyer-gleichcom-ag.pdf\" target=\"_blank\" rel=\"noopener noreferrer nofollow\" class=\"eut-btn eut-btn-medium eut-with-icon eut-round eut-bg-white eut-bg-hover-primary-1\"><span>Internationaler Tag der Geb\u00e4rdensprache<i class=\"fas fa-file-pdf\" aria-hidden=\"true\"><\/i><\/span><\/a><\/div>[\/vc_column_inner][vc_column_inner width=\u00a0\u00bb1\/4&Prime;]<div class=\"eut-element eut-align-inherit\"><a href=\"https:\/\/www.gleichcom.ch\/wp-content\/uploads\/2023\/08\/giornata-informativa-2023-flyer-gleichcom-ag.pdf\" target=\"_blank\" rel=\"noopener noreferrer nofollow\" class=\"eut-btn eut-btn-medium eut-with-icon eut-round eut-bg-white eut-bg-hover-primary-1\"><span>Impianto cocleare \u2013 Giornata informativa<i class=\"fas fa-file-pdf\" aria-hidden=\"true\"><\/i><\/span><\/a><\/div>[\/vc_column_inner][vc_column_inner width=\u00a0\u00bb1\/4&Prime;]<div class=\"eut-element eut-align-inherit\"><a href=\"https:\/\/www.gleichcom.ch\/wp-content\/uploads\/2023\/08\/gemeinsame-zeit-als-kraftquelle-2023-flyer-gleichcom-ag.pdf\" target=\"_blank\" rel=\"noopener noreferrer nofollow\" class=\"eut-btn eut-btn-medium eut-with-icon eut-round eut-bg-white eut-bg-hover-primary-1\"><span>Gemeinsame Zeit als Kraftquelle<i class=\"fas fa-file-pdf\" aria-hidden=\"true\"><\/i><\/span><\/a><\/div>[\/vc_column_inner][vc_column_inner width=\u00a0\u00bb1\/4&Prime;]<div class=\"eut-element eut-align-inherit\"><a href=\"https:\/\/www.gleichcom.ch\/wp-content\/uploads\/2023\/08\/ci-orum-2023-flyer-gleichcom-ag.pdf\" target=\"_blank\" rel=\"noopener noreferrer nofollow\" class=\"eut-btn eut-btn-medium eut-with-icon eut-round eut-bg-white eut-bg-hover-primary-1\"><span>Cochlea Implantat in meinem Alter \u2013 CI-Forum<i class=\"fas fa-file-pdf\" aria-hidden=\"true\"><\/i><\/span><\/a><\/div>[\/vc_column_inner][\/vc_row_inner][\/vc_column][\/vc_row]<\/p>\n<\/section>","protected":false},"excerpt":{"rendered":"<p>[vc_row padding_top_multiplier=\u00a0\u00bb\u00a0\u00bb padding_bottom_multiplier=\u00a0\u00bb\u00a0\u00bb][vc_column full_height=\u00a0\u00bbyes\u00a0\u00bb][\/vc_column][\/vc_row][vc_row padding_top_multiplier=\u00a0\u00bb\u00a0\u00bb padding_bottom_multiplier=\u00a0\u00bb\u00a0\u00bb][vc_column width=\u00a0\u00bb1\/3&Prime; text_align=\u00a0\u00bbcenter\u00a0\u00bb rc_heading_color=\u00a0\u00bblight\u00a0\u00bb rc_bg_type=\u00a0\u00bbcolor\u00a0\u00bb rc_add_shadow=\u00a0\u00bbmedium-shadow\u00a0\u00bb clipping_animation=\u00a0\u00bbclipping-left\u00a0\u00bb column_custom_position=\u00a0\u00bbyes\u00a0\u00bb position_top=\u00a0\u00bbminus-2x\u00a0\u00bb css=\u00a0\u00bb.vc_custom_1562061119913{padding-top: 18% !important;padding-right: 10% !important;padding-bottom: 18% !important;padding-left: 10% !important;border-radius: 3px !important;}\u00a0\u00bb rc_font_color=\u00a0\u00bb#ffffff\u00a0\u00bb rc_bg_color=\u00a0\u00bb#36529c\u00a0\u00bb][vc_column_text]Le plus grand magasin [&hellip;]<\/p>\n","protected":false},"author":9,"featured_media":0,"parent":0,"menu_order":0,"comment_status":"closed","ping_status":"closed","template":"","meta":{"footnotes":""},"class_list":["post-1141","page","type-page","status-publish","hentry"],"_links":{"self":[{"href":"https:\/\/www.gleichcom.ch\/fr\/wp-json\/wp\/v2\/pages\/1141","targetHints":{"allow":["GET"]}}],"collection":[{"href":"https:\/\/www.gleichcom.ch\/fr\/wp-json\/wp\/v2\/pages"}],"about":[{"href":"https:\/\/www.gleichcom.ch\/fr\/wp-json\/wp\/v2\/types\/page"}],"author":[{"embeddable":true,"href":"https:\/\/www.gleichcom.ch\/fr\/wp-json\/wp\/v2\/users\/9"}],"replies":[{"embeddable":true,"href":"https:\/\/www.gleichcom.ch\/fr\/wp-json\/wp\/v2\/comments?post=1141"}],"version-history":[{"count":3,"href":"https:\/\/www.gleichcom.ch\/fr\/wp-json\/wp\/v2\/pages\/1141\/revisions"}],"predecessor-version":[{"id":2568,"href":"https:\/\/www.gleichcom.ch\/fr\/wp-json\/wp\/v2\/pages\/1141\/revisions\/2568"}],"wp:attachment":[{"href":"https:\/\/www.gleichcom.ch\/fr\/wp-json\/wp\/v2\/media?parent=1141"}],"curies":[{"name":"wp","href":"https:\/\/api.w.org\/{rel}","templated":true}]}}